{"version":"1.0","provider_name":"Ebert Stoll Architekturb\u00fcro","provider_url":"https:\/\/ebertstoll.ch","author_name":"admin","author_url":"https:\/\/ebertstoll.ch\/index.php\/author\/admin\/","title":"Schulhaus Zumikon Aufstockung - Ebert Stoll Architekturb\u00fcro","type":"rich","width":600,"height":338,"html":"<blockquote class=\"wp-embedded-content\" data-secret=\"ZcuvEErAIQ\"><a href=\"https:\/\/ebertstoll.ch\/index.php\/project\/schulhaus-zumikon-aufstockung\/\">Schulhaus Zumikon Aufstockung<\/a><\/blockquote><iframe sandbox=\"allow-scripts\" security=\"restricted\" src=\"https:\/\/ebertstoll.ch\/index.php\/project\/schulhaus-zumikon-aufstockung\/embed\/#?secret=ZcuvEErAIQ\" width=\"600\" height=\"338\" title=\"&#171;Schulhaus Zumikon Aufstockung&#187; &#8212; Ebert Stoll Architekturb\u00fcro\" data-secret=\"ZcuvEErAIQ\" frameborder=\"0\" marginwidth=\"0\" marginheight=\"0\" scrolling=\"no\" class=\"wp-embedded-content\"><\/iframe><script type=\"text\/javascript\">\n\/* <![CDATA[ *\/\n\/*! This file is auto-generated *\/\n!function(d,l){\"use strict\";l.querySelector&&d.addEventListener&&\"undefined\"!=typeof URL&&(d.wp=d.wp||{},d.wp.receiveEmbedMessage||(d.wp.receiveEmbedMessage=function(e){var t=e.data;if((t||t.secret||t.message||t.value)&&!\/[^a-zA-Z0-9]\/.test(t.secret)){for(var s,r,n,a=l.querySelectorAll('iframe[data-secret=\"'+t.secret+'\"]'),o=l.querySelectorAll('blockquote[data-secret=\"'+t.secret+'\"]'),c=new RegExp(\"^https?:$\",\"i\"),i=0;i<o.length;i++)o[i].style.display=\"none\";for(i=0;i<a.length;i++)s=a[i],e.source===s.contentWindow&&(s.removeAttribute(\"style\"),\"height\"===t.message?(1e3<(r=parseInt(t.value,10))?r=1e3:~~r<200&&(r=200),s.height=r):\"link\"===t.message&&(r=new URL(s.getAttribute(\"src\")),n=new URL(t.value),c.test(n.protocol))&&n.host===r.host&&l.activeElement===s&&(d.top.location.href=t.value))}},d.addEventListener(\"message\",d.wp.receiveEmbedMessage,!1),l.addEventListener(\"DOMContentLoaded\",function(){for(var e,t,s=l.querySelectorAll(\"iframe.wp-embedded-content\"),r=0;r<s.length;r++)(t=(e=s[r]).getAttribute(\"data-secret\"))||(t=Math.random().toString(36).substring(2,12),e.src+=\"#?secret=\"+t,e.setAttribute(\"data-secret\",t)),e.contentWindow.postMessage({message:\"ready\",secret:t},\"*\")},!1)))}(window,document);\n\/* ]]> *\/\n<\/script>\n","thumbnail_url":"https:\/\/ebertstoll.ch\/wp-content\/uploads\/2018\/03\/Zumikon_SuedWest_Visualisierung.jpg","thumbnail_width":1900,"thumbnail_height":1344,"description":"[vc_row][vc_column width=&#187;1\/2&#8243;][vc_gallery interval=&#187;3&#8243; images=&#187;167&#8243; img_size=&#187;large&#187;][\/vc_column][vc_column width=&#187;1\/2&#8243;][vc_column_text] Schulhaus Zumikon Aufstockung Eine Leichtbau-Aufstockung erweiterte das bestehende zweigeschossige Hortgeb\u00e4ude mit weiteren Fl\u00e4chen f\u00fcr Hort und Tagesstrukturen inkl. Profik\u00fcche der gesamten Schulanlage Juch. Neben einer energetischen Sanierung des Geb\u00e4udes wurden innere Umbauten inkl. Brandschutzmassnahmen und Erdbebenert\u00fcchtigung vorgenommen. Die Bauarbeiten wurden teilweise auf 2 Ferienbl\u00f6cke verteilt, und auch bei laufendem [&hellip;]"}